{"id":52,"date":"2025-06-20T15:24:19","date_gmt":"2025-06-20T13:24:19","guid":{"rendered":"http:\/\/www.ass-culturel-cugnaux.fr\/?page_id=52"},"modified":"2025-06-20T15:48:35","modified_gmt":"2025-06-20T13:48:35","slug":"aphic","status":"publish","type":"page","link":"https:\/\/www.ass-culturel-cugnaux.fr\/index.php\/aphic\/","title":{"rendered":"APHIC"},"content":{"rendered":"\n<p><strong>OBJET:<\/strong> Philat\u00e9lie, cartophilie, numismatie<\/p>\n\n\n\n<p><strong>PUBLIC CONCERN\u00c9:<\/strong> Adultes et enfants d\u00e8s 8 ans<\/p>\n\n\n\n<p><br><strong>LIEU D\u2019ACTIVIT\u00c9:<\/strong> Salle Jean-Louis-Berlier<\/p>\n\n\n\n<p><strong>PERMANENCE:<\/strong> De septembre \u00e0 fin juin suivant un calendrier (un samedi apr\u00e8s-midi sur deux)<\/p>\n\n\n\n<p><strong>INSCRIPTION:<\/strong> Forum des associations et lors des r\u00e9unions <\/p>\n\n\n\n<p><strong>TARIFS:<\/strong> Cotisation annuelle 10\u20ac<\/p>\n\n\n\n<p><strong>CONTACT:<\/strong> Jean-Louis Frejefond<br>T\u00c9L 05 61 92 24 10 MAIL <a href=\"mailto:jl31000@hotmail.com\">jl31000@hotmail.com<\/a><\/p>\n\n\n\n<p><strong>CONTACT:<\/strong> Didier Bravo<br>MAIL <a href=\"mailto:didier.bravo0538@orange.fr\">didier.bravo0538@orange.fr<\/a><\/p>\n","protected":false},"excerpt":{"rendered":"<p>OBJET: Philat\u00e9lie, cartophilie, numismatie PUBLIC CONCERN\u00c9: Adultes et enfants d\u00e8s 8 ans LIEU D\u2019ACTIVIT\u00c9: Salle Jean-Louis-Berlier PERMANENCE: De septembre \u00e0 fin juin suivant un calendrier (un samedi apr\u00e8s-midi sur deux) [&hellip;]<\/p>\n","protected":false},"author":1,"featured_media":0,"parent":0,"menu_order":0,"comment_status":"closed","ping_status":"closed","template":"","meta":{"footnotes":""},"class_list":["post-52","page","type-page","status-publish","hentry"],"yoast_head":"<!-- This site is optimized with the Yoast SEO plugin v26.6 - https:\/\/yoast.com\/wordpress\/plugins\/seo\/ -->\n<title>APHIC - Association Culturelle de Cugnaux<\/title>\n<meta name=\"robots\" content=\"index, follow, max-snippet:-1, max-image-preview:large, max-video-preview:-1\" \/>\n<link rel=\"canonical\" href=\"http:\/\/www.ass-culturel-cugnaux.fr\/index.php\/aphic\/\" \/>\n<meta property=\"og:locale\" content=\"en_US\" \/>\n<meta property=\"og:type\" content=\"article\" \/>\n<meta property=\"og:title\" content=\"APHIC - Association Culturelle de Cugnaux\" \/>\n<meta property=\"og:description\" content=\"OBJET: Philat\u00e9lie, cartophilie, numismatie PUBLIC CONCERN\u00c9: Adultes et enfants d\u00e8s 8 ans LIEU D\u2019ACTIVIT\u00c9: Salle Jean-Louis-Berlier PERMANENCE: De septembre \u00e0 fin juin suivant un calendrier (un samedi apr\u00e8s-midi sur deux) [&hellip;]\" \/>\n<meta property=\"og:url\" content=\"http:\/\/www.ass-culturel-cugnaux.fr\/index.php\/aphic\/\" \/>\n<meta property=\"og:site_name\" content=\"Association Culturelle de Cugnaux\" \/>\n<meta property=\"article:modified_time\" content=\"2025-06-20T13:48:35+00:00\" \/>\n<meta name=\"twitter:card\" content=\"summary_large_image\" \/>\n<script type=\"application\/ld+json\" class=\"yoast-schema-graph\">{\"@context\":\"https:\/\/schema.org\",\"@graph\":[{\"@type\":\"WebPage\",\"@id\":\"http:\/\/www.ass-culturel-cugnaux.fr\/index.php\/aphic\/\",\"url\":\"http:\/\/www.ass-culturel-cugnaux.fr\/index.php\/aphic\/\",\"name\":\"APHIC - Association Culturelle de Cugnaux\",\"isPartOf\":{\"@id\":\"http:\/\/www.ass-culturel-cugnaux.fr\/#website\"},\"datePublished\":\"2025-06-20T13:24:19+00:00\",\"dateModified\":\"2025-06-20T13:48:35+00:00\",\"breadcrumb\":{\"@id\":\"http:\/\/www.ass-culturel-cugnaux.fr\/index.php\/aphic\/#breadcrumb\"},\"inLanguage\":\"en-US\",\"potentialAction\":[{\"@type\":\"ReadAction\",\"target\":[\"http:\/\/www.ass-culturel-cugnaux.fr\/index.php\/aphic\/\"]}]},{\"@type\":\"BreadcrumbList\",\"@id\":\"http:\/\/www.ass-culturel-cugnaux.fr\/index.php\/aphic\/#breadcrumb\",\"itemListElement\":[{\"@type\":\"ListItem\",\"position\":1,\"name\":\"Accueil\",\"item\":\"http:\/\/www.ass-culturel-cugnaux.fr\/\"},{\"@type\":\"ListItem\",\"position\":2,\"name\":\"APHIC\"}]},{\"@type\":\"WebSite\",\"@id\":\"http:\/\/www.ass-culturel-cugnaux.fr\/#website\",\"url\":\"http:\/\/www.ass-culturel-cugnaux.fr\/\",\"name\":\"Association Culturelle de Cugnaux\",\"description\":\"\",\"publisher\":{\"@id\":\"http:\/\/www.ass-culturel-cugnaux.fr\/#organization\"},\"potentialAction\":[{\"@type\":\"SearchAction\",\"target\":{\"@type\":\"EntryPoint\",\"urlTemplate\":\"http:\/\/www.ass-culturel-cugnaux.fr\/?s={search_term_string}\"},\"query-input\":{\"@type\":\"PropertyValueSpecification\",\"valueRequired\":true,\"valueName\":\"search_term_string\"}}],\"inLanguage\":\"en-US\"},{\"@type\":\"Organization\",\"@id\":\"http:\/\/www.ass-culturel-cugnaux.fr\/#organization\",\"name\":\"Association Culturelle de Cugnaux\",\"url\":\"http:\/\/www.ass-culturel-cugnaux.fr\/\",\"logo\":{\"@type\":\"ImageObject\",\"inLanguage\":\"en-US\",\"@id\":\"http:\/\/www.ass-culturel-cugnaux.fr\/#\/schema\/logo\/image\/\",\"url\":\"https:\/\/www.ass-culturel-cugnaux.fr\/wp-content\/uploads\/2025\/06\/cropped-logo-association-culturelle-de-cugnaux-1683563492-1.jpg\",\"contentUrl\":\"https:\/\/www.ass-culturel-cugnaux.fr\/wp-content\/uploads\/2025\/06\/cropped-logo-association-culturelle-de-cugnaux-1683563492-1.jpg\",\"width\":688,\"height\":420,\"caption\":\"Association Culturelle de Cugnaux\"},\"image\":{\"@id\":\"http:\/\/www.ass-culturel-cugnaux.fr\/#\/schema\/logo\/image\/\"}}]}<\/script>\n<!-- \/ Yoast SEO plugin. -->","yoast_head_json":{"title":"APHIC - Association Culturelle de Cugnaux","robots":{"index":"index","follow":"follow","max-snippet":"max-snippet:-1","max-image-preview":"max-image-preview:large","max-video-preview":"max-video-preview:-1"},"canonical":"http:\/\/www.ass-culturel-cugnaux.fr\/index.php\/aphic\/","og_locale":"en_US","og_type":"article","og_title":"APHIC - Association Culturelle de Cugnaux","og_description":"OBJET: Philat\u00e9lie, cartophilie, numismatie PUBLIC CONCERN\u00c9: Adultes et enfants d\u00e8s 8 ans LIEU D\u2019ACTIVIT\u00c9: Salle Jean-Louis-Berlier PERMANENCE: De septembre \u00e0 fin juin suivant un calendrier (un samedi apr\u00e8s-midi sur deux) [&hellip;]","og_url":"http:\/\/www.ass-culturel-cugnaux.fr\/index.php\/aphic\/","og_site_name":"Association Culturelle de Cugnaux","article_modified_time":"2025-06-20T13:48:35+00:00","twitter_card":"summary_large_image","schema":{"@context":"https:\/\/schema.org","@graph":[{"@type":"WebPage","@id":"http:\/\/www.ass-culturel-cugnaux.fr\/index.php\/aphic\/","url":"http:\/\/www.ass-culturel-cugnaux.fr\/index.php\/aphic\/","name":"APHIC - Association Culturelle de Cugnaux","isPartOf":{"@id":"http:\/\/www.ass-culturel-cugnaux.fr\/#website"},"datePublished":"2025-06-20T13:24:19+00:00","dateModified":"2025-06-20T13:48:35+00:00","breadcrumb":{"@id":"http:\/\/www.ass-culturel-cugnaux.fr\/index.php\/aphic\/#breadcrumb"},"inLanguage":"en-US","potentialAction":[{"@type":"ReadAction","target":["http:\/\/www.ass-culturel-cugnaux.fr\/index.php\/aphic\/"]}]},{"@type":"BreadcrumbList","@id":"http:\/\/www.ass-culturel-cugnaux.fr\/index.php\/aphic\/#breadcrumb","itemListElement":[{"@type":"ListItem","position":1,"name":"Accueil","item":"http:\/\/www.ass-culturel-cugnaux.fr\/"},{"@type":"ListItem","position":2,"name":"APHIC"}]},{"@type":"WebSite","@id":"http:\/\/www.ass-culturel-cugnaux.fr\/#website","url":"http:\/\/www.ass-culturel-cugnaux.fr\/","name":"Association Culturelle de Cugnaux","description":"","publisher":{"@id":"http:\/\/www.ass-culturel-cugnaux.fr\/#organization"},"potentialAction":[{"@type":"SearchAction","target":{"@type":"EntryPoint","urlTemplate":"http:\/\/www.ass-culturel-cugnaux.fr\/?s={search_term_string}"},"query-input":{"@type":"PropertyValueSpecification","valueRequired":true,"valueName":"search_term_string"}}],"inLanguage":"en-US"},{"@type":"Organization","@id":"http:\/\/www.ass-culturel-cugnaux.fr\/#organization","name":"Association Culturelle de Cugnaux","url":"http:\/\/www.ass-culturel-cugnaux.fr\/","logo":{"@type":"ImageObject","inLanguage":"en-US","@id":"http:\/\/www.ass-culturel-cugnaux.fr\/#\/schema\/logo\/image\/","url":"https:\/\/www.ass-culturel-cugnaux.fr\/wp-content\/uploads\/2025\/06\/cropped-logo-association-culturelle-de-cugnaux-1683563492-1.jpg","contentUrl":"https:\/\/www.ass-culturel-cugnaux.fr\/wp-content\/uploads\/2025\/06\/cropped-logo-association-culturelle-de-cugnaux-1683563492-1.jpg","width":688,"height":420,"caption":"Association Culturelle de Cugnaux"},"image":{"@id":"http:\/\/www.ass-culturel-cugnaux.fr\/#\/schema\/logo\/image\/"}}]}},"_links":{"self":[{"href":"https:\/\/www.ass-culturel-cugnaux.fr\/index.php\/wp-json\/wp\/v2\/pages\/52","targetHints":{"allow":["GET"]}}],"collection":[{"href":"https:\/\/www.ass-culturel-cugnaux.fr\/index.php\/wp-json\/wp\/v2\/pages"}],"about":[{"href":"https:\/\/www.ass-culturel-cugnaux.fr\/index.php\/wp-json\/wp\/v2\/types\/page"}],"author":[{"embeddable":true,"href":"https:\/\/www.ass-culturel-cugnaux.fr\/index.php\/wp-json\/wp\/v2\/users\/1"}],"replies":[{"embeddable":true,"href":"https:\/\/www.ass-culturel-cugnaux.fr\/index.php\/wp-json\/wp\/v2\/comments?post=52"}],"version-history":[{"count":5,"href":"https:\/\/www.ass-culturel-cugnaux.fr\/index.php\/wp-json\/wp\/v2\/pages\/52\/revisions"}],"predecessor-version":[{"id":74,"href":"https:\/\/www.ass-culturel-cugnaux.fr\/index.php\/wp-json\/wp\/v2\/pages\/52\/revisions\/74"}],"wp:attachment":[{"href":"https:\/\/www.ass-culturel-cugnaux.fr\/index.php\/wp-json\/wp\/v2\/media?parent=52"}],"curies":[{"name":"wp","href":"https:\/\/api.w.org\/{rel}","templated":true}]}}